{"id":11158,"date":"2018-05-17T14:53:30","date_gmt":"2018-05-17T13:53:30","guid":{"rendered":"https:\/\/websjop.bwhontwerpers.nl\/?post_type=product&#038;p=11158"},"modified":"2025-09-12T10:09:17","modified_gmt":"2025-09-12T08:09:17","slug":"salang-t-de-beam-bloeit-koarte-skiednis-fan-de-fryske-literatuer","status":"publish","type":"product","link":"https:\/\/websjop.afuk.frl\/frl\/winkel\/salang-t-de-beam-bloeit-koarte-skiednis-fan-de-fryske-literatuer\/","title":{"rendered":"Salang\u2019t de beam bloeit &#8211;  Koarte skiednis fan de Fryske literatuer"},"content":{"rendered":"<p class=\"product_title entry-title\"><strong>Koarte skiednis fan de Fryske literatuer<\/strong><\/p>\n<p>De Fryske literatuer is \u00fatdrukking fan de eigenheid fan Frysl\u00e2n. Troch de iuwen hinne hawwe Fryske skriuwers en dichters yn har eigen taal skreaun: oer harsels, oer har taal en oer har l\u00e2n. De Fryske literatuer herberget in protte \u00fbnferwachte skatten dy\u2019t de muoite fan it \u00fbntdekken wurdich binne. Salang\u2019t de beam bloeit is d\u00ear in moaie opstap foar. Yn s\u00e2n haadstikken behannelet literatuerwittenskipper Joke Corporaal de wichtichste \u00fbntjouwingen en skaaimerken fan de Fryske literatuer. Koarte finsterteksten ljochtsje d\u00earnei de skiednis ta mei sprekkende foarbylden oer hichte- en ek djiptepunten.<\/p>\n<p>&nbsp;<\/p>\n<p>&nbsp;<\/p>\n<p>&nbsp;<\/p>\n<p>&nbsp;<\/p>\n<p>&nbsp;<\/p>\n<p>&nbsp;<\/p>\n","protected":false},"excerpt":{"rendered":"<p>Salang\u2019t de beam bloeit &#8211;<br \/>\nKoarte skiednis fan de Fryske literatuer<br \/>\nJoke Corporaal<\/p>\n","protected":false},"featured_media":11159,"comment_status":"closed","ping_status":"closed","template":"","meta":{"_acf_changed":false},"product_brand":[],"product_cat":[1043,535,1215,539,1218,536],"product_tag":[5523,6600,6599,6105],"class_list":{"0":"post-11158","1":"product","2":"type-product","3":"status-publish","4":"has-post-thumbnail","6":"product_cat-edukatyf","7":"product_cat-fryske-boeken","8":"product_cat-romans-en-literatuer","9":"product_cat-skiednis","10":"product_cat-skiednis-2","11":"product_cat-taal-en-studzjeboeken","12":"product_tag-fryske-literatuer","13":"product_tag-koarte-skiednis-fan-de-fryske-literatuer","14":"product_tag-salangt-de-beam-bloeit","15":"product_tag-skiednis","16":"product_shipping_class-brievenbus-verzending","17":"pa_auteur-joke-corporaal-2","18":"pa_isbn-2980","19":"pa_taal-frysk","20":"pa_uitgever-tresoar-en-bornmeer","22":"first","23":"outofstock","24":"taxable","25":"shipping-taxable","26":"purchasable","27":"product-type-simple"},"acf":[],"yoast_head":"<!-- This site is optimized with the Yoast SEO plugin v27.3 - https:\/\/yoast.com\/product\/yoast-seo-wordpress\/ -->\n<title>Salang\u2019t de beam bloeit - Koarte skiednis fan de Fryske literatuer &#8211; Af\u00fbk Websjop<\/title>\n<meta name=\"robots\" content=\"index, follow, max-snippet:-1, max-image-preview:large, max-video-preview:-1\" \/>\n<link rel=\"canonical\" href=\"https:\/\/websjop.afuk.frl\/frl\/winkel\/salang-t-de-beam-bloeit-koarte-skiednis-fan-de-fryske-literatuer\/\" \/>\n<meta property=\"og:locale\" content=\"fy_NL\" \/>\n<meta property=\"og:type\" content=\"article\" \/>\n<meta property=\"og:title\" content=\"Salang\u2019t de beam bloeit - Koarte skiednis fan de Fryske literatuer &#8211; Af\u00fbk Websjop\" \/>\n<meta property=\"og:description\" content=\"Salang\u2019t de beam bloeit - Koarte skiednis fan de Fryske literatuer Joke Corporaal\" \/>\n<meta property=\"og:url\" content=\"https:\/\/websjop.afuk.frl\/frl\/winkel\/salang-t-de-beam-bloeit-koarte-skiednis-fan-de-fryske-literatuer\/\" \/>\n<meta property=\"og:site_name\" content=\"Af\u00fbk Websjop\" \/>\n<meta property=\"article:modified_time\" content=\"2025-09-12T08:09:17+00:00\" \/>\n<meta property=\"og:image\" content=\"https:\/\/websjop.afuk.frl\/wp-content\/uploads\/2018\/05\/products-omslag-literatuur-frysk-510x600.jpg\" \/>\n\t<meta property=\"og:image:width\" content=\"510\" \/>\n\t<meta property=\"og:image:height\" content=\"600\" \/>\n\t<meta property=\"og:image:type\" content=\"image\/jpeg\" \/>\n<meta name=\"twitter:card\" content=\"summary_large_image\" \/>\n<meta name=\"twitter:label1\" content=\"Est. reading time\" \/>\n\t<meta name=\"twitter:data1\" content=\"1 minute\" \/>\n<script type=\"application\/ld+json\" class=\"yoast-schema-graph\">{\"@context\":\"https:\\\/\\\/schema.org\",\"@graph\":[{\"@type\":\"WebPage\",\"@id\":\"https:\\\/\\\/websjop.afuk.frl\\\/frl\\\/winkel\\\/salang-t-de-beam-bloeit-koarte-skiednis-fan-de-fryske-literatuer\\\/\",\"url\":\"https:\\\/\\\/websjop.afuk.frl\\\/frl\\\/winkel\\\/salang-t-de-beam-bloeit-koarte-skiednis-fan-de-fryske-literatuer\\\/\",\"name\":\"Salang\u2019t de beam bloeit - Koarte skiednis fan de Fryske literatuer &#8211; Af\u00fbk Websjop\",\"isPartOf\":{\"@id\":\"https:\\\/\\\/websjop.afuk.frl\\\/frl\\\/#website\"},\"primaryImageOfPage\":{\"@id\":\"https:\\\/\\\/websjop.afuk.frl\\\/frl\\\/winkel\\\/salang-t-de-beam-bloeit-koarte-skiednis-fan-de-fryske-literatuer\\\/#primaryimage\"},\"image\":{\"@id\":\"https:\\\/\\\/websjop.afuk.frl\\\/frl\\\/winkel\\\/salang-t-de-beam-bloeit-koarte-skiednis-fan-de-fryske-literatuer\\\/#primaryimage\"},\"thumbnailUrl\":\"https:\\\/\\\/websjop.afuk.frl\\\/wp-content\\\/uploads\\\/2018\\\/05\\\/products-omslag-literatuur-frysk-510x600.jpg\",\"datePublished\":\"2018-05-17T13:53:30+00:00\",\"dateModified\":\"2025-09-12T08:09:17+00:00\",\"breadcrumb\":{\"@id\":\"https:\\\/\\\/websjop.afuk.frl\\\/frl\\\/winkel\\\/salang-t-de-beam-bloeit-koarte-skiednis-fan-de-fryske-literatuer\\\/#breadcrumb\"},\"inLanguage\":\"fy-NL\",\"potentialAction\":[{\"@type\":\"ReadAction\",\"target\":[\"https:\\\/\\\/websjop.afuk.frl\\\/frl\\\/winkel\\\/salang-t-de-beam-bloeit-koarte-skiednis-fan-de-fryske-literatuer\\\/\"]}]},{\"@type\":\"ImageObject\",\"inLanguage\":\"fy-NL\",\"@id\":\"https:\\\/\\\/websjop.afuk.frl\\\/frl\\\/winkel\\\/salang-t-de-beam-bloeit-koarte-skiednis-fan-de-fryske-literatuer\\\/#primaryimage\",\"url\":\"https:\\\/\\\/websjop.afuk.frl\\\/wp-content\\\/uploads\\\/2018\\\/05\\\/products-omslag-literatuur-frysk-510x600.jpg\",\"contentUrl\":\"https:\\\/\\\/websjop.afuk.frl\\\/wp-content\\\/uploads\\\/2018\\\/05\\\/products-omslag-literatuur-frysk-510x600.jpg\",\"width\":510,\"height\":600,\"caption\":\"Salang't de beam bloeit\"},{\"@type\":\"BreadcrumbList\",\"@id\":\"https:\\\/\\\/websjop.afuk.frl\\\/frl\\\/winkel\\\/salang-t-de-beam-bloeit-koarte-skiednis-fan-de-fryske-literatuer\\\/#breadcrumb\",\"itemListElement\":[{\"@type\":\"ListItem\",\"position\":1,\"name\":\"Home\",\"item\":\"https:\\\/\\\/websjop.afuk.frl\\\/frl\\\/\"},{\"@type\":\"ListItem\",\"position\":2,\"name\":\"Winkel\",\"item\":\"https:\\\/\\\/websjop.afuk.frl\\\/nl\\\/winkel\\\/\"},{\"@type\":\"ListItem\",\"position\":3,\"name\":\"Salang\u2019t de beam bloeit &#8211; Koarte skiednis fan de Fryske literatuer\"}]},{\"@type\":\"WebSite\",\"@id\":\"https:\\\/\\\/websjop.afuk.frl\\\/frl\\\/#website\",\"url\":\"https:\\\/\\\/websjop.afuk.frl\\\/frl\\\/\",\"name\":\"Af\u00fbk Websjop\",\"description\":\"\",\"potentialAction\":[{\"@type\":\"SearchAction\",\"target\":{\"@type\":\"EntryPoint\",\"urlTemplate\":\"https:\\\/\\\/websjop.afuk.frl\\\/frl\\\/?s={search_term_string}\"},\"query-input\":{\"@type\":\"PropertyValueSpecification\",\"valueRequired\":true,\"valueName\":\"search_term_string\"}}],\"inLanguage\":\"fy-NL\"}]}<\/script>\n<!-- \/ Yoast SEO plugin. -->","yoast_head_json":{"title":"Salang\u2019t de beam bloeit - Koarte skiednis fan de Fryske literatuer &#8211; Af\u00fbk Websjop","robots":{"index":"index","follow":"follow","max-snippet":"max-snippet:-1","max-image-preview":"max-image-preview:large","max-video-preview":"max-video-preview:-1"},"canonical":"https:\/\/websjop.afuk.frl\/frl\/winkel\/salang-t-de-beam-bloeit-koarte-skiednis-fan-de-fryske-literatuer\/","og_locale":"fy_NL","og_type":"article","og_title":"Salang\u2019t de beam bloeit - Koarte skiednis fan de Fryske literatuer &#8211; Af\u00fbk Websjop","og_description":"Salang\u2019t de beam bloeit - Koarte skiednis fan de Fryske literatuer Joke Corporaal","og_url":"https:\/\/websjop.afuk.frl\/frl\/winkel\/salang-t-de-beam-bloeit-koarte-skiednis-fan-de-fryske-literatuer\/","og_site_name":"Af\u00fbk Websjop","article_modified_time":"2025-09-12T08:09:17+00:00","og_image":[{"width":510,"height":600,"url":"https:\/\/websjop.afuk.frl\/wp-content\/uploads\/2018\/05\/products-omslag-literatuur-frysk-510x600.jpg","type":"image\/jpeg"}],"twitter_card":"summary_large_image","twitter_misc":{"Est. reading time":"1 minute"},"schema":{"@context":"https:\/\/schema.org","@graph":[{"@type":"WebPage","@id":"https:\/\/websjop.afuk.frl\/frl\/winkel\/salang-t-de-beam-bloeit-koarte-skiednis-fan-de-fryske-literatuer\/","url":"https:\/\/websjop.afuk.frl\/frl\/winkel\/salang-t-de-beam-bloeit-koarte-skiednis-fan-de-fryske-literatuer\/","name":"Salang\u2019t de beam bloeit - Koarte skiednis fan de Fryske literatuer &#8211; Af\u00fbk Websjop","isPartOf":{"@id":"https:\/\/websjop.afuk.frl\/frl\/#website"},"primaryImageOfPage":{"@id":"https:\/\/websjop.afuk.frl\/frl\/winkel\/salang-t-de-beam-bloeit-koarte-skiednis-fan-de-fryske-literatuer\/#primaryimage"},"image":{"@id":"https:\/\/websjop.afuk.frl\/frl\/winkel\/salang-t-de-beam-bloeit-koarte-skiednis-fan-de-fryske-literatuer\/#primaryimage"},"thumbnailUrl":"https:\/\/websjop.afuk.frl\/wp-content\/uploads\/2018\/05\/products-omslag-literatuur-frysk-510x600.jpg","datePublished":"2018-05-17T13:53:30+00:00","dateModified":"2025-09-12T08:09:17+00:00","breadcrumb":{"@id":"https:\/\/websjop.afuk.frl\/frl\/winkel\/salang-t-de-beam-bloeit-koarte-skiednis-fan-de-fryske-literatuer\/#breadcrumb"},"inLanguage":"fy-NL","potentialAction":[{"@type":"ReadAction","target":["https:\/\/websjop.afuk.frl\/frl\/winkel\/salang-t-de-beam-bloeit-koarte-skiednis-fan-de-fryske-literatuer\/"]}]},{"@type":"ImageObject","inLanguage":"fy-NL","@id":"https:\/\/websjop.afuk.frl\/frl\/winkel\/salang-t-de-beam-bloeit-koarte-skiednis-fan-de-fryske-literatuer\/#primaryimage","url":"https:\/\/websjop.afuk.frl\/wp-content\/uploads\/2018\/05\/products-omslag-literatuur-frysk-510x600.jpg","contentUrl":"https:\/\/websjop.afuk.frl\/wp-content\/uploads\/2018\/05\/products-omslag-literatuur-frysk-510x600.jpg","width":510,"height":600,"caption":"Salang't de beam bloeit"},{"@type":"BreadcrumbList","@id":"https:\/\/websjop.afuk.frl\/frl\/winkel\/salang-t-de-beam-bloeit-koarte-skiednis-fan-de-fryske-literatuer\/#breadcrumb","itemListElement":[{"@type":"ListItem","position":1,"name":"Home","item":"https:\/\/websjop.afuk.frl\/frl\/"},{"@type":"ListItem","position":2,"name":"Winkel","item":"https:\/\/websjop.afuk.frl\/nl\/winkel\/"},{"@type":"ListItem","position":3,"name":"Salang\u2019t de beam bloeit &#8211; Koarte skiednis fan de Fryske literatuer"}]},{"@type":"WebSite","@id":"https:\/\/websjop.afuk.frl\/frl\/#website","url":"https:\/\/websjop.afuk.frl\/frl\/","name":"Af\u00fbk Websjop","description":"","potentialAction":[{"@type":"SearchAction","target":{"@type":"EntryPoint","urlTemplate":"https:\/\/websjop.afuk.frl\/frl\/?s={search_term_string}"},"query-input":{"@type":"PropertyValueSpecification","valueRequired":true,"valueName":"search_term_string"}}],"inLanguage":"fy-NL"}]}},"_links":{"self":[{"href":"https:\/\/websjop.afuk.frl\/frl\/wp-json\/wp\/v2\/product\/11158","targetHints":{"allow":["GET"]}}],"collection":[{"href":"https:\/\/websjop.afuk.frl\/frl\/wp-json\/wp\/v2\/product"}],"about":[{"href":"https:\/\/websjop.afuk.frl\/frl\/wp-json\/wp\/v2\/types\/product"}],"replies":[{"embeddable":true,"href":"https:\/\/websjop.afuk.frl\/frl\/wp-json\/wp\/v2\/comments?post=11158"}],"wp:featuredmedia":[{"embeddable":true,"href":"https:\/\/websjop.afuk.frl\/frl\/wp-json\/wp\/v2\/media\/11159"}],"wp:attachment":[{"href":"https:\/\/websjop.afuk.frl\/frl\/wp-json\/wp\/v2\/media?parent=11158"}],"wp:term":[{"taxonomy":"product_brand","embeddable":true,"href":"https:\/\/websjop.afuk.frl\/frl\/wp-json\/wp\/v2\/product_brand?post=11158"},{"taxonomy":"product_cat","embeddable":true,"href":"https:\/\/websjop.afuk.frl\/frl\/wp-json\/wp\/v2\/product_cat?post=11158"},{"taxonomy":"product_tag","embeddable":true,"href":"https:\/\/websjop.afuk.frl\/frl\/wp-json\/wp\/v2\/product_tag?post=11158"}],"curies":[{"name":"wp","href":"https:\/\/api.w.org\/{rel}","templated":true}]}}